{"id":530,"date":"2024-12-13T20:40:47","date_gmt":"2024-12-13T19:40:47","guid":{"rendered":"https:\/\/wordpress86.gcms.verdigado.net\/?post_type=sunflower_event&#038;p=530"},"modified":"2024-12-13T20:43:42","modified_gmt":"2024-12-13T19:43:42","slug":"ag-wahlkampf","status":"publish","type":"sunflower_event","link":"https:\/\/gruene-bergedorf.de\/index.php\/termine\/ag-wahlkampf\/","title":{"rendered":"AG WAHLKAMPF"},"content":{"rendered":"\n<p><\/p>\n\n\n\n<p>Die <strong>AG Wahlkampf<\/strong> der Gr\u00fcnen Bergedorf ist das zentrale Team f\u00fcr die Planung und Umsetzung unserer Wahlkampfstrategien. Hier entwickeln wir kreative Ideen, organisieren Veranstaltungen und planen Aktionen, um unsere politischen Ziele sichtbar zu machen und die Menschen in Bergedorf zu erreichen.<\/p>\n\n\n\n<p>Wir arbeiten daran, einen Wahlkampf zu gestalten, der nicht nur informativ, sondern auch nachhaltig und mitrei\u00dfend ist. Dabei setzen wir auf Teamwork und die Vielfalt unserer Mitglieder. Jede*r kann sich mit eigenen Ideen einbringen und aktiv mitgestalten.<\/p>\n\n\n\n<p><strong>Hast du Lust mitzumachen?<\/strong><\/p>\n\n\n\n<p>Dann komm zu unserer n\u00e4chsten Sitzung und werde Teil unseres Teams! Egal, ob du gerne kreativ arbeitest, Events organisierst oder einfach unsere gr\u00fcnen Inhalte in die \u00d6ffentlichkeit tragen m\u00f6chtest \u2013 bei uns bist du richtig.<\/p>\n\n\n\n<p>\ud83d\udcc5 <strong>N\u00e4chste Sitzung:<\/strong> 18.12.2024<\/p>\n\n\n\n<p>\u23f0 <strong>Uhrzeit:<\/strong> 19:00 Uhr<\/p>\n\n\n\n<p>\ud83d\udccd <strong>Ort:<\/strong> GR\u00dcNE Gesch\u00e4ftsstelle<\/p>\n\n\n\n<p>Wir freuen uns auf dich!<\/p>\n\n\n\n<div style=\"height:100px\" aria-hidden=\"true\" class=\"wp-block-spacer\"><\/div>\n\n\n\n<p><\/p>\n","protected":false},"excerpt":{"rendered":"<p>Die AG Wahlkampf der Gr\u00fcnen Bergedorf ist das zentrale Team f\u00fcr die Planung und Umsetzung&#8230;<\/p>\n","protected":false},"author":3,"featured_media":0,"comment_status":"closed","ping_status":"closed","template":"","sunflower_event_tag":[],"class_list":["post-530","sunflower_event","type-sunflower_event","status-publish","hentry"],"_links":{"self":[{"href":"https:\/\/gruene-bergedorf.de\/index.php\/wp-json\/wp\/v2\/sunflower_event\/530","targetHints":{"allow":["GET"]}}],"collection":[{"href":"https:\/\/gruene-bergedorf.de\/index.php\/wp-json\/wp\/v2\/sunflower_event"}],"about":[{"href":"https:\/\/gruene-bergedorf.de\/index.php\/wp-json\/wp\/v2\/types\/sunflower_event"}],"author":[{"embeddable":true,"href":"https:\/\/gruene-bergedorf.de\/index.php\/wp-json\/wp\/v2\/users\/3"}],"replies":[{"embeddable":true,"href":"https:\/\/gruene-bergedorf.de\/index.php\/wp-json\/wp\/v2\/comments?post=530"}],"wp:attachment":[{"href":"https:\/\/gruene-bergedorf.de\/index.php\/wp-json\/wp\/v2\/media?parent=530"}],"wp:term":[{"taxonomy":"sunflower_event_tag","embeddable":true,"href":"https:\/\/gruene-bergedorf.de\/index.php\/wp-json\/wp\/v2\/sunflower_event_tag?post=530"}],"curies":[{"name":"wp","href":"https:\/\/api.w.org\/{rel}","templated":true}]}}