{"id":7,"date":"2024-10-10T14:03:02","date_gmt":"2024-10-10T12:03:02","guid":{"rendered":"https:\/\/wordpress86.gcms.verdigado.net\/?page_id=7"},"modified":"2026-04-29T16:29:38","modified_gmt":"2026-04-29T14:29:38","slug":"s","status":"publish","type":"page","link":"https:\/\/gruene-bergedorf.de\/","title":{"rendered":"Start"},"content":{"rendered":"\n<div class=\"wp-block-cover alignfull is-light has-small-font-size\" style=\"min-height:1197px;aspect-ratio:unset;\"><img fetchpriority=\"high\" decoding=\"async\" width=\"2560\" height=\"1707\" class=\"wp-block-cover__image-background wp-image-430\" alt=\"\" src=\"https:\/\/wordpress86.gcms.verdigado.net\/wp-content\/uploads\/2024\/12\/HEA07865-scaled.jpg\" style=\"object-position:50% 49%\" data-object-fit=\"cover\" data-object-position=\"50% 49%\" srcset=\"https:\/\/gruene-bergedorf.de\/wp-content\/uploads\/2024\/12\/HEA07865-scaled.jpg 2560w, https:\/\/gruene-bergedorf.de\/wp-content\/uploads\/2024\/12\/HEA07865-300x200.jpg 300w, https:\/\/gruene-bergedorf.de\/wp-content\/uploads\/2024\/12\/HEA07865-1024x683.jpg 1024w, https:\/\/gruene-bergedorf.de\/wp-content\/uploads\/2024\/12\/HEA07865-768x512.jpg 768w, https:\/\/gruene-bergedorf.de\/wp-content\/uploads\/2024\/12\/HEA07865-1536x1024.jpg 1536w, https:\/\/gruene-bergedorf.de\/wp-content\/uploads\/2024\/12\/HEA07865-2048x1365.jpg 2048w\" sizes=\"(max-width: 2560px) 100vw, 2560px\" \/><span aria-hidden=\"true\" class=\"wp-block-cover__background has-gray-background-color has-background-dim-0 has-background-dim\"><\/span><div class=\"wp-block-cover__inner-container is-layout-constrained wp-block-cover-is-layout-constrained\">\n<h2 class=\"wp-block-heading has-text-align-center\"><\/h2>\n<\/div><\/div>\n\n\n\n<div class=\"wp-block-group is-layout-constrained wp-block-group-is-layout-constrained\">\n<div class=\"wp-block-columns is-layout-flex wp-container-core-columns-is-layout-9d6595d7 wp-block-columns-is-layout-flex\">\n<div class=\"wp-block-column is-layout-flow wp-block-column-is-layout-flow\">\n<h2 class=\"wp-block-heading h1\" id=\"first-content\" style=\"font-size:clamp(37.821px, 2.364rem + ((1vw - 3.2px) * 2.98), 70px);\">Herzlich<br>Willkommen<\/h2>\n\n\n\n<h3 class=\"wp-block-heading h4\" style=\"font-size:clamp(22.041px, 1.378rem + ((1vw - 3.2px) * 1.293), 36px);\">bei den GR\u00dcNEN Bergedorf.<\/h3>\n<\/div>\n\n\n\n<div class=\"wp-block-column is-layout-flow wp-block-column-is-layout-flow\">\n<p>Sch\u00f6n, dass du den Weg zu uns gefunden hast! Wir sind B\u00dcNDNIS 90\/DIE GR\u00dcNEN in Bergedorf und setzen uns leidenschaftlich f\u00fcr eine \u00f6kologische, soziale und weltoffene Politik ein \u2013 hier vor Ort, in der Bezirksversammlung und dar\u00fcber hinaus.<\/p>\n\n\n\n<p>Unser Engagement reicht von Klimaschutz \u00fcber nachhaltige Stadtentwicklung bis hin zu sozialer Gerechtigkeit. Dabei verfolgen wir das Ziel, Bergedorf zu einem lebenswerten und zukunftsf\u00e4higen Bezirk f\u00fcr alle zu machen. Wir arbeiten gemeinsam mit B\u00fcrger*innen, Organisationen und Institutionen an konkreten L\u00f6sungen f\u00fcr aktuelle Herausforderungen.<\/p>\n\n\n\n<p>Auf unserer Seite findest du Informationen zu unseren Themen, Terminen, aktuellen Projekten und der M\u00f6glichkeit, dich aktiv einzubringen. Egal, ob du Fragen hast, uns kennenlernen m\u00f6chtest oder mitgestalten willst \u2013 wir freuen uns auf den Austausch mit dir \ud83c\udf3b\ud83c\udff3\ufe0f\u200d\ud83c\udf08<\/p>\n<\/div>\n<\/div>\n\n\n\n<h1 class=\"wp-block-heading has-text-align-center h1\"><\/h1>\n<\/div>\n\n\n\n<h1 class=\"wp-block-heading has-text-align-center\" style=\"font-size:clamp(33.419px, 2.089rem + ((1vw - 3.2px) * 2.461), 60px);\">NEUIGKEITEN<\/h1>\n\n\n\n<div style=\"height:35px\" aria-hidden=\"true\" class=\"wp-block-spacer\"><\/div>\n\n\n<div class=\"has-background latest-posts latest-posts--grid wp-block-sunflower-latest-posts\">\n        <div class=\"wp-block-group__inner-container\">\n            \n                <div class=\"row \"><div class=\"col-md-4\">\n<article id=\"post-2611\" class=\"bg-white mb-4 archive-article post-2611 post type-post status-publish format-standard has-post-thumbnail hentry category-bericht category-fraktion category-uk\">\n\t<div>\n\t\t\t\t\t<div>\n\t\t\t\t<a href=\"https:\/\/gruene-bergedorf.de\/index.php\/2026\/04\/29\/bericht-aus-dem-ausschuss-fuer-umwelt-und-klimaschutz-vom-22-04-2026\/\" aria-label=\"Post Thumbnail\" rel=\"bookmark\">\n\t\t\t\t\t\t\t\t<img decoding=\"async\" width=\"768\" height=\"512\" src=\"https:\/\/gruene-bergedorf.de\/wp-content\/uploads\/2026\/02\/IMG_0352-768x512.jpeg\" class=\"post-thumbnail wp-post-image\" alt=\"Bericht aus dem Ausschuss f\u00fcr Umwelt und Klimaschutz vom 22.04.2026\" \/>\n\n\t\t\t\t\t\t\t<\/a>\n\t\t\t<\/div>\n\t\t\t\t\t<div class=\"p-45\">\n\t\t\t<header class=\"entry-header mb-2\">\n\t\t\t\t<div class=\"entry-meta mb-3\">\n\t\t\t\t\t<span class=\"posted-on metainfo\"><time class=\"entry-date published\" datetime=\"2026-04-29T16:14:36+02:00\">29.04.2026<\/time><time class=\"updated\" datetime=\"2026-04-29T16:24:13+02:00\">29.04.2026<\/time><\/span>\t\t\t\t\t <div class=\"roofline metainfo mb-1\">Bericht<\/div>\t\t\t\t<\/div><!-- .entry-meta -->\n\t\t\t\t<h2 class=\"card-title h5 mb-3\"><a href=\"https:\/\/gruene-bergedorf.de\/index.php\/2026\/04\/29\/bericht-aus-dem-ausschuss-fuer-umwelt-und-klimaschutz-vom-22-04-2026\/\" rel=\"bookmark\">Bericht aus dem Ausschuss f\u00fcr Umwelt und Klimaschutz vom 22.04.2026<\/a><\/h2>\t\t\t\t\t\t\t\t<\/header><!-- .entry-header -->\n\n\t\t\t<div class=\"entry-content has-small-font-size\">\n\t\t\t\t<p>Liebe Freund*innen, liebe Interessierte, am Mittwoch, dem 22. April 2026, tagte der Fachausschuss f\u00fcr Umwelt&#8230;<\/p>\n\t\t\t<\/div><!-- .entry-content -->\n\n\t\t\t<footer class=\"entry-footer\">\n\n\t\t\t\t<div class=\"d-flex flex-row-reverse\">\n\t\t\t\t\t<a href=\"https:\/\/gruene-bergedorf.de\/index.php\/2026\/04\/29\/bericht-aus-dem-ausschuss-fuer-umwelt-und-klimaschutz-vom-22-04-2026\/\" rel=\"bookmark\" class=\"h6 continue-reading\">\n\t\t\t\t\t<span>weiterlesen<\/span>\n\t\t\t\t\t<img decoding=\"async\" src=\"https:\/\/gruene-bergedorf.de\/wp-content\/themes\/sunflower26\/assets\/img\/arrow-right.svg\" alt=\"\" class=\"icon-arrow\" \/>\n\t\t\t\t<\/a>\n\t\t\t\t<\/div>\n\t\t\t<\/footer><!-- .entry-footer -->\n\t\t<\/div>\n\t<\/div>\n<\/article><!-- #post-2611 -->\n<\/div><div class=\"col-md-4\">\n<article id=\"post-2605\" class=\"bg-white mb-4 archive-article post-2605 post type-post status-publish format-standard hentry category-partei category-pressemitteilung\">\n\t<div>\n\t\t\t\t<div class=\"p-45\">\n\t\t\t<header class=\"entry-header mb-2\">\n\t\t\t\t<div class=\"entry-meta mb-3\">\n\t\t\t\t\t<span class=\"posted-on metainfo\"><time class=\"entry-date published\" datetime=\"2026-04-23T17:36:57+02:00\">23.04.2026<\/time><time class=\"updated\" datetime=\"2026-04-28T14:26:21+02:00\">28.04.2026<\/time><\/span>\t\t\t\t\t <div class=\"roofline metainfo mb-1\">Pressemitteilung<\/div>\t\t\t\t<\/div><!-- .entry-meta -->\n\t\t\t\t<h2 class=\"card-title h5 mb-3\"><a href=\"https:\/\/gruene-bergedorf.de\/index.php\/2026\/04\/23\/wie-die-zukunft-in-lohbruegge-aussieht-bestimmen-nicht-die-anderen-sondern-wir-selbst\/\" rel=\"bookmark\">Wie die Zukunft in Lohbr\u00fcgge aussieht, bestimmen nicht die anderen, sondern wir selbst!<\/a><\/h2>\t\t\t\t\t\t\t\t<\/header><!-- .entry-header -->\n\n\t\t\t<div class=\"entry-content has-small-font-size\">\n\t\t\t\t<p>Am 12. Mai gr\u00fcndet sich die Stadtteilgruppe &#8222;GR\u00dcNE in Lohbr\u00fcgge&#8220;. Freunde, Nachbarn, Interessierte sind herzlich&#8230;<\/p>\n\t\t\t<\/div><!-- .entry-content -->\n\n\t\t\t<footer class=\"entry-footer\">\n\n\t\t\t\t<div class=\"d-flex flex-row-reverse\">\n\t\t\t\t\t<a href=\"https:\/\/gruene-bergedorf.de\/index.php\/2026\/04\/23\/wie-die-zukunft-in-lohbruegge-aussieht-bestimmen-nicht-die-anderen-sondern-wir-selbst\/\" rel=\"bookmark\" class=\"h6 continue-reading\">\n\t\t\t\t\t<span>weiterlesen<\/span>\n\t\t\t\t\t<img decoding=\"async\" src=\"https:\/\/gruene-bergedorf.de\/wp-content\/themes\/sunflower26\/assets\/img\/arrow-right.svg\" alt=\"\" class=\"icon-arrow\" \/>\n\t\t\t\t<\/a>\n\t\t\t\t<\/div>\n\t\t\t<\/footer><!-- .entry-footer -->\n\t\t<\/div>\n\t<\/div>\n<\/article><!-- #post-2605 -->\n<\/div><div class=\"col-md-4\">\n<article id=\"post-2602\" class=\"bg-white mb-4 archive-article post-2602 post type-post status-publish format-standard hentry category-partei category-pressemitteilung\">\n\t<div>\n\t\t\t\t<div class=\"p-45\">\n\t\t\t<header class=\"entry-header mb-2\">\n\t\t\t\t<div class=\"entry-meta mb-3\">\n\t\t\t\t\t<span class=\"posted-on metainfo\"><time class=\"entry-date published\" datetime=\"2026-04-22T17:15:55+02:00\">22.04.2026<\/time><time class=\"updated\" datetime=\"2026-04-28T14:26:50+02:00\">28.04.2026<\/time><\/span>\t\t\t\t\t <div class=\"roofline metainfo mb-1\">Pressemitteilung<\/div>\t\t\t\t<\/div><!-- .entry-meta -->\n\t\t\t\t<h2 class=\"card-title h5 mb-3\"><a href=\"https:\/\/gruene-bergedorf.de\/index.php\/2026\/04\/22\/keine-alternative-zum-abschuss-wie-nutrias-sich-tiergerecht-und-kostenguenstig-begrenzen-lassen\/\" rel=\"bookmark\">\u00a0Keine Alternative zum Abschuss? Wie Nutrias sich tiergerecht und kosteng\u00fcnstig begrenzen lassen<\/a><\/h2>\t\t\t\t\t\t\t\t<\/header><!-- .entry-header -->\n\n\t\t\t<div class=\"entry-content has-small-font-size\">\n\t\t\t\t<p>Bergedorfs Gr\u00fcne fordern Sterilisationen statt Abschuss von Nutrias. Ihr Antrag zur tiergerechten Reduzierung der Nutria-Population&#8230;<\/p>\n\t\t\t<\/div><!-- .entry-content -->\n\n\t\t\t<footer class=\"entry-footer\">\n\n\t\t\t\t<div class=\"d-flex flex-row-reverse\">\n\t\t\t\t\t<a href=\"https:\/\/gruene-bergedorf.de\/index.php\/2026\/04\/22\/keine-alternative-zum-abschuss-wie-nutrias-sich-tiergerecht-und-kostenguenstig-begrenzen-lassen\/\" rel=\"bookmark\" class=\"h6 continue-reading\">\n\t\t\t\t\t<span>weiterlesen<\/span>\n\t\t\t\t\t<img decoding=\"async\" src=\"https:\/\/gruene-bergedorf.de\/wp-content\/themes\/sunflower26\/assets\/img\/arrow-right.svg\" alt=\"\" class=\"icon-arrow\" \/>\n\t\t\t\t<\/a>\n\t\t\t\t<\/div>\n\t\t\t<\/footer><!-- .entry-footer -->\n\t\t<\/div>\n\t<\/div>\n<\/article><!-- #post-2602 -->\n<\/div><div class=\"col-md-4\">\n<article id=\"post-2596\" class=\"bg-white mb-4 archive-article post-2596 post type-post status-publish format-standard hentry category-partei category-pressemitteilung\">\n\t<div>\n\t\t\t\t<div class=\"p-45\">\n\t\t\t<header class=\"entry-header mb-2\">\n\t\t\t\t<div class=\"entry-meta mb-3\">\n\t\t\t\t\t<span class=\"posted-on metainfo\"><time class=\"entry-date published\" datetime=\"2026-04-22T17:09:58+02:00\">22.04.2026<\/time><time class=\"updated\" datetime=\"2026-04-28T14:27:19+02:00\">28.04.2026<\/time><\/span>\t\t\t\t\t <div class=\"roofline metainfo mb-1\">Pressemitteilung<\/div>\t\t\t\t<\/div><!-- .entry-meta -->\n\t\t\t\t<h2 class=\"card-title h5 mb-3\"><a href=\"https:\/\/gruene-bergedorf.de\/index.php\/2026\/04\/22\/drei-dinge-fuer-den-erfolg-wie-hamburg-die-klimaneutralitaet-2040-schaffen-kann\/\" rel=\"bookmark\">Drei Dinge f\u00fcr den Erfolg: Wie Hamburg die Klimaneutralit\u00e4t 2040 schaffen kann\u00a0<\/a><\/h2>\t\t\t\t\t\t\t\t<\/header><!-- .entry-header -->\n\n\t\t\t<div class=\"entry-content has-small-font-size\">\n\t\t\t\t<p>Bergedorfs Gr\u00fcne bleiben treibende Kraft der Hamburger Klimapolitik. Ihr Antrag f\u00fcr einen starken Klimaschutz wurde&#8230;<\/p>\n\t\t\t<\/div><!-- .entry-content -->\n\n\t\t\t<footer class=\"entry-footer\">\n\n\t\t\t\t<div class=\"d-flex flex-row-reverse\">\n\t\t\t\t\t<a href=\"https:\/\/gruene-bergedorf.de\/index.php\/2026\/04\/22\/drei-dinge-fuer-den-erfolg-wie-hamburg-die-klimaneutralitaet-2040-schaffen-kann\/\" rel=\"bookmark\" class=\"h6 continue-reading\">\n\t\t\t\t\t<span>weiterlesen<\/span>\n\t\t\t\t\t<img decoding=\"async\" src=\"https:\/\/gruene-bergedorf.de\/wp-content\/themes\/sunflower26\/assets\/img\/arrow-right.svg\" alt=\"\" class=\"icon-arrow\" \/>\n\t\t\t\t<\/a>\n\t\t\t\t<\/div>\n\t\t\t<\/footer><!-- .entry-footer -->\n\t\t<\/div>\n\t<\/div>\n<\/article><!-- #post-2596 -->\n<\/div><div class=\"col-md-4\">\n<article id=\"post-2585\" class=\"bg-white mb-4 archive-article post-2585 post type-post status-publish format-standard has-post-thumbnail hentry category-fraktion category-pressemitteilung\">\n\t<div>\n\t\t\t\t\t<div>\n\t\t\t\t<a href=\"https:\/\/gruene-bergedorf.de\/index.php\/2026\/04\/20\/streit-um-bushaeuschen-bezirksamt-laesst-stiftung-auf-kosten-sitzen\/\" aria-label=\"Post Thumbnail\" rel=\"bookmark\">\n\t\t\t\t\t\t\t\t<img decoding=\"async\" width=\"768\" height=\"512\" src=\"https:\/\/gruene-bergedorf.de\/wp-content\/uploads\/2026\/04\/DSC3042-768x512.jpg\" class=\"post-thumbnail wp-post-image\" alt=\"Streit um Bush\u00e4uschen: Bezirksamt l\u00e4sst Stiftung auf Kosten sitzen\" \/>\n\n\t\t\t\t\t\t\t<\/a>\n\t\t\t<\/div>\n\t\t\t\t\t<div class=\"p-45\">\n\t\t\t<header class=\"entry-header mb-2\">\n\t\t\t\t<div class=\"entry-meta mb-3\">\n\t\t\t\t\t<span class=\"posted-on metainfo\"><time class=\"entry-date published\" datetime=\"2026-04-20T15:04:38+02:00\">20.04.2026<\/time><time class=\"updated\" datetime=\"2026-04-22T17:11:47+02:00\">22.04.2026<\/time><\/span>\t\t\t\t\t <div class=\"roofline metainfo mb-1\">Pressemitteilung<\/div>\t\t\t\t<\/div><!-- .entry-meta -->\n\t\t\t\t<h2 class=\"card-title h5 mb-3\"><a href=\"https:\/\/gruene-bergedorf.de\/index.php\/2026\/04\/20\/streit-um-bushaeuschen-bezirksamt-laesst-stiftung-auf-kosten-sitzen\/\" rel=\"bookmark\">Streit um Bush\u00e4uschen: Bezirksamt l\u00e4sst Stiftung auf Kosten sitzen<\/a><\/h2>\t\t\t\t\t\t\t\t<\/header><!-- .entry-header -->\n\n\t\t\t<div class=\"entry-content has-small-font-size\">\n\t\t\t\t<p>Im Juli 2025 stand das Bush\u00e4uschen am Neuengammer Hausdeich (Ecke Curslacker Br\u00fcckendamm) in Flammen. Doch&#8230;<\/p>\n\t\t\t<\/div><!-- .entry-content -->\n\n\t\t\t<footer class=\"entry-footer\">\n\n\t\t\t\t<div class=\"d-flex flex-row-reverse\">\n\t\t\t\t\t<a href=\"https:\/\/gruene-bergedorf.de\/index.php\/2026\/04\/20\/streit-um-bushaeuschen-bezirksamt-laesst-stiftung-auf-kosten-sitzen\/\" rel=\"bookmark\" class=\"h6 continue-reading\">\n\t\t\t\t\t<span>weiterlesen<\/span>\n\t\t\t\t\t<img decoding=\"async\" src=\"https:\/\/gruene-bergedorf.de\/wp-content\/themes\/sunflower26\/assets\/img\/arrow-right.svg\" alt=\"\" class=\"icon-arrow\" \/>\n\t\t\t\t<\/a>\n\t\t\t\t<\/div>\n\t\t\t<\/footer><!-- .entry-footer -->\n\t\t<\/div>\n\t<\/div>\n<\/article><!-- #post-2585 -->\n<\/div><div class=\"col-md-4\">\n<article id=\"post-2569\" class=\"bg-white mb-4 archive-article post-2569 post type-post status-publish format-standard has-post-thumbnail hentry category-bericht category-bezirksversammlung category-fraktion\">\n\t<div>\n\t\t\t\t\t<div>\n\t\t\t\t<a href=\"https:\/\/gruene-bergedorf.de\/index.php\/2026\/04\/15\/rueckblick-auf-die-bezirksversammlung-vom-26-maerz-2026\/\" aria-label=\"Post Thumbnail\" rel=\"bookmark\">\n\t\t\t\t\t\t\t\t<img loading=\"lazy\" decoding=\"async\" width=\"768\" height=\"512\" src=\"https:\/\/gruene-bergedorf.de\/wp-content\/uploads\/2025\/11\/HEA08100-768x512.jpg\" class=\"post-thumbnail wp-post-image\" alt=\"R\u00fcckblick auf die Bezirksversammlung vom 26. M\u00e4rz 2026\" \/>\n\n\t\t\t\t\t\t\t<\/a>\n\t\t\t<\/div>\n\t\t\t\t\t<div class=\"p-45\">\n\t\t\t<header class=\"entry-header mb-2\">\n\t\t\t\t<div class=\"entry-meta mb-3\">\n\t\t\t\t\t<span class=\"posted-on metainfo\"><time class=\"entry-date published updated\" datetime=\"2026-04-15T10:55:11+02:00\">15.04.2026<\/time><\/span>\t\t\t\t\t <div class=\"roofline metainfo mb-1\">Bericht<\/div>\t\t\t\t<\/div><!-- .entry-meta -->\n\t\t\t\t<h2 class=\"card-title h5 mb-3\"><a href=\"https:\/\/gruene-bergedorf.de\/index.php\/2026\/04\/15\/rueckblick-auf-die-bezirksversammlung-vom-26-maerz-2026\/\" rel=\"bookmark\">R\u00fcckblick auf die Bezirksversammlung vom 26. M\u00e4rz 2026<\/a><\/h2>\t\t\t\t\t\t\t\t<\/header><!-- .entry-header -->\n\n\t\t\t<div class=\"entry-content has-small-font-size\">\n\t\t\t\t<p>Liebe Freund*innen, liebe Interessierte, die Bezirksversammlung am 26. M\u00e4rz hat wie so oft gezeigt, wie&#8230;<\/p>\n\t\t\t<\/div><!-- .entry-content -->\n\n\t\t\t<footer class=\"entry-footer\">\n\n\t\t\t\t<div class=\"d-flex flex-row-reverse\">\n\t\t\t\t\t<a href=\"https:\/\/gruene-bergedorf.de\/index.php\/2026\/04\/15\/rueckblick-auf-die-bezirksversammlung-vom-26-maerz-2026\/\" rel=\"bookmark\" class=\"h6 continue-reading\">\n\t\t\t\t\t<span>weiterlesen<\/span>\n\t\t\t\t\t<img decoding=\"async\" src=\"https:\/\/gruene-bergedorf.de\/wp-content\/themes\/sunflower26\/assets\/img\/arrow-right.svg\" alt=\"\" class=\"icon-arrow\" \/>\n\t\t\t\t<\/a>\n\t\t\t\t<\/div>\n\t\t\t<\/footer><!-- .entry-footer -->\n\t\t<\/div>\n\t<\/div>\n<\/article><!-- #post-2569 -->\n<\/div><\/div><a class=\"wp-block-button__link no-link\" href=\"https:\/\/gruene-bergedorf.de?post_type=post\" rel=\"\">Archiv<\/a><\/div><\/div>\n\n\n<div class=\"wp-block-group alignfull has-white-background-color has-background is-layout-constrained wp-block-group-is-layout-constrained\">\n<div class=\"wp-block-columns alignwide is-layout-flex wp-container-core-columns-is-layout-9d6595d7 wp-block-columns-is-layout-flex\">\n<div class=\"wp-block-column is-layout-flow wp-block-column-is-layout-flow\">\n<figure class=\"wp-block-image size-large is-style-default wp-duotone-unset-1\"><img loading=\"lazy\" decoding=\"async\" width=\"1024\" height=\"683\" src=\"https:\/\/wordpress86.gcms.verdigado.net\/wp-content\/uploads\/2024\/10\/Holstenstrasse-1024x683.jpeg\" alt=\"\" class=\"wp-image-240\" srcset=\"https:\/\/gruene-bergedorf.de\/wp-content\/uploads\/2024\/10\/Holstenstrasse-1024x683.jpeg 1024w, https:\/\/gruene-bergedorf.de\/wp-content\/uploads\/2024\/10\/Holstenstrasse-300x200.jpeg 300w, https:\/\/gruene-bergedorf.de\/wp-content\/uploads\/2024\/10\/Holstenstrasse-768x512.jpeg 768w, https:\/\/gruene-bergedorf.de\/wp-content\/uploads\/2024\/10\/Holstenstrasse-1536x1024.jpeg 1536w, https:\/\/gruene-bergedorf.de\/wp-content\/uploads\/2024\/10\/Holstenstrasse-2048x1365.jpeg 2048w\" sizes=\"(max-width: 1024px) 100vw, 1024px\" \/><\/figure>\n<\/div>\n\n\n\n<div class=\"wp-block-column is-vertically-aligned-center is-layout-flow wp-block-column-is-layout-flow\">\n<h2 class=\"wp-block-heading h1\" style=\"font-size:clamp(33.419px, 2.089rem + ((1vw - 3.2px) * 2.461), 60px);\">Unser Programm<br>f\u00fcr Bergedorf<\/h2>\n\n\n\n<p>Bergedorf ist ein lebenswerter Bezirk Hamburgs. Wir f\u00f6rdern die \u00f6kologische und soziale Entwicklung, schaffen bezahlbaren Wohnraum und unterst\u00fctzen nachhaltige Mobilit\u00e4t. Dabei legen wir gro\u00dfen Wert auf die enge Zusammenarbeit zwischen Politik, Verwaltung und B\u00fcrger*innen, um eine aktive Teilhabe sicherzustellen. Als GR\u00dcNE Bergedorf m\u00f6chte wir den Bezirk mit unserem Engagement f\u00fcr zuk\u00fcnftige Herausforderungen wie Klimaschutz und soziale Gerechtigkeit st\u00e4rken.<\/p>\n\n\n\n<div class=\"wp-block-buttons is-layout-flex wp-block-buttons-is-layout-flex\">\n<div class=\"wp-block-button\"><a class=\"wp-block-button__link wp-element-button\" href=\"https:\/\/gruene-bergedorf.de\/index.php\/partei\/themen\/wahlprogramm\/\">Weiterlesen<\/a><\/div>\n<\/div>\n<\/div>\n<\/div>\n<\/div>\n\n\n\n<div class=\"wp-block-group alignfull has-text-color has-background is-vertical is-content-justification-center is-layout-flex wp-container-core-group-is-layout-4b2eccd6 wp-block-group-is-layout-flex\" style=\"color:#ffffff;background-color:#163c29\">\n<h2 class=\"wp-block-heading has-text-align-center h1\" style=\"font-size:clamp(33.419px, 2.089rem + ((1vw - 3.2px) * 2.461), 60px);\">Werde aktiv<\/h2>\n\n\n\n<p class=\"has-text-align-center\">Gestalte die Zukunft Bergedorfs mit uns! Werde Teil der Gr\u00fcnen Bewegung und setze dich f\u00fcr eine nachhaltige und gerechte Politik vor Ort ein.<\/p>\n\n\n\n<div class=\"wp-block-buttons is-horizontal is-content-justification-center is-layout-flex wp-container-core-buttons-is-layout-499968f5 wp-block-buttons-is-layout-flex\">\n<div class=\"wp-block-button\"><a class=\"wp-block-button__link wp-element-button\" href=\"?post_type=sunflower_event\" rel=\"\">Termine<\/a><\/div>\n\n\n\n<div class=\"wp-block-button\"><a class=\"wp-block-button__link wp-element-button\" href=\"https:\/\/gruene-bergedorf.de\/index.php\/spenden\/\">Spenden<\/a><\/div>\n\n\n\n<div class=\"wp-block-button\"><a class=\"wp-block-button__link wp-element-button\" href=\"https:\/\/www.gruene.de\/mitglied-werden\">Mitglied werden<\/a><\/div>\n<\/div>\n<\/div>\n\n\n<div class=\"wp-block-group has-text-color has-white-color has-background is-vertical is-content-justification-center is-layout-flex wp-block-group-is-layout-flex next-events \">\n\t\t<div class=\"wp-block-group__inner-container\">\n\t\t\t<h2 class=\"wp-block-heading has-text-align-center h1\">N\u00c4CHSTE TERMINE<\/h2>\n\t\t\t<div class=\"row\"><div class=\"col-12 col-md-6 col-lg-4 mb-4\">\n\n<a href=\"https:\/\/gruene-bergedorf.de\/index.php\/termine\/sitzung-der-bezirksversammlung-bergedorf-5\/\" class=\"event-card bezirksversammlung\" rel=\"bookmark\">\n\t<article id=\"post-2094\" class=\"event has-shadow post-2094 sunflower_event type-sunflower_event status-publish hentry sunflower_event_tag-bezirksversammlung\">\n\n\t\t\n\t\t<div class=\"p-4\">\n\t\t\t\n\t\t\t<div>\n\t\t\t\t<div class=\"event-archive-meta\">\n\t\t\t\t\t<div class=\"weekday text-uppercase small\">\n\t\t\t\t\t\tDonnerstag\t\t\t\t\t<\/div>\n\t\t\t\t\t<div class=\"date\">\n\t\t\t\t\t\t<time datetime=\"2026-04-30 18:00\">\n\t\t\t\t\t\t\t30.04.2026<br>18:00 \u2013 18:00 Uhr\t\t\t\t\t\t<\/time>\n\t\t\t\t\t<\/div>\n\t\t\t\t<\/div>\n\n\t\t\t\t<div class=\"mt-2\">\n\t\t\t\t\t<header class=\"entry-header pt-2 pb-2\">\n\t\t\t\t\t\t<span class=\"h2\">Sitzung der Bezirksversammlung Bergedorf<\/span>\t\t\t\t\t<\/header><!-- .entry-header -->\n\n\t\t\t\t<\/div>\n\t\t\t<\/div>\n\n\t\t\t<div class=\"fst-italic small\">\n\t\t\t\tBezirksversammlung\t\t\t<\/div>\n\n\n\t\t<\/div>\n\n\t\t<div class=\"event-card__icon--green\">\n\t\t\t<img loading=\"lazy\" decoding=\"async\" src=\"https:\/\/gruene-bergedorf.de\/wp-content\/themes\/sunflower26\/assets\/img\/arrow-right.svg\" alt=\"\" width=\"20\" height=\"20\">\n\t\t<\/div>\n\n\t\t<div class=\"event-card__icon--white\">\n\t\t\t<img loading=\"lazy\" decoding=\"async\" src=\"https:\/\/gruene-bergedorf.de\/wp-content\/themes\/sunflower26\/assets\/img\/arrow-right_white.svg\" alt=\"\" width=\"20\" height=\"20\">\n\t\t<\/div>\n\n\t<\/article><!-- #post-2094 -->\n<\/a>\n<\/div><div class=\"col-12 col-md-6 col-lg-4 mb-4\">\n\n<a href=\"https:\/\/gruene-bergedorf.de\/index.php\/termine\/di-day-bergedorf-wird-unabhaengig-2\/\" class=\"event-card partei\" rel=\"bookmark\">\n\t<article id=\"post-2422\" class=\"event has-shadow post-2422 sunflower_event type-sunflower_event status-publish hentry sunflower_event_tag-partei\">\n\n\t\t\n\t\t<div class=\"p-4\">\n\t\t\t\n\t\t\t<div>\n\t\t\t\t<div class=\"event-archive-meta\">\n\t\t\t\t\t<div class=\"weekday text-uppercase small\">\n\t\t\t\t\t\tSonntag\t\t\t\t\t<\/div>\n\t\t\t\t\t<div class=\"date\">\n\t\t\t\t\t\t<time datetime=\"2026-05-03 14:00\">\n\t\t\t\t\t\t\t03.05.2026<br>14:00 \u2013 17:00 Uhr\t\t\t\t\t\t<\/time>\n\t\t\t\t\t<\/div>\n\t\t\t\t<\/div>\n\n\t\t\t\t<div class=\"mt-2\">\n\t\t\t\t\t<header class=\"entry-header pt-2 pb-2\">\n\t\t\t\t\t\t<span class=\"h2\">Di.Day &#8211; Bergedorf wird unabh\u00e4ngig!<\/span>\t\t\t\t\t<\/header><!-- .entry-header -->\n\n\t\t\t\t<\/div>\n\t\t\t<\/div>\n\n\t\t\t<div class=\"fst-italic small\">\n\t\t\t\tPartei\t\t\t<\/div>\n\n\n\t\t<\/div>\n\n\t\t<div class=\"event-card__icon--green\">\n\t\t\t<img loading=\"lazy\" decoding=\"async\" src=\"https:\/\/gruene-bergedorf.de\/wp-content\/themes\/sunflower26\/assets\/img\/arrow-right.svg\" alt=\"\" width=\"20\" height=\"20\">\n\t\t<\/div>\n\n\t\t<div class=\"event-card__icon--white\">\n\t\t\t<img loading=\"lazy\" decoding=\"async\" src=\"https:\/\/gruene-bergedorf.de\/wp-content\/themes\/sunflower26\/assets\/img\/arrow-right_white.svg\" alt=\"\" width=\"20\" height=\"20\">\n\t\t<\/div>\n\n\t<\/article><!-- #post-2422 -->\n<\/a>\n<\/div><div class=\"col-12 col-md-6 col-lg-4 mb-4\">\n\n<a href=\"https:\/\/gruene-bergedorf.de\/index.php\/termine\/sitzung-des-stadtentwicklungsausschusses-6\/\" class=\"event-card bezirksversammlung\" rel=\"bookmark\">\n\t<article id=\"post-2095\" class=\"event has-shadow post-2095 sunflower_event type-sunflower_event status-publish hentry sunflower_event_tag-bezirksversammlung\">\n\n\t\t\n\t\t<div class=\"p-4\">\n\t\t\t\n\t\t\t<div>\n\t\t\t\t<div class=\"event-archive-meta\">\n\t\t\t\t\t<div class=\"weekday text-uppercase small\">\n\t\t\t\t\t\tMittwoch\t\t\t\t\t<\/div>\n\t\t\t\t\t<div class=\"date\">\n\t\t\t\t\t\t<time datetime=\"2026-05-06 18:00\">\n\t\t\t\t\t\t\t06.05.2026<br>18:00 \u2013 18:00 Uhr\t\t\t\t\t\t<\/time>\n\t\t\t\t\t<\/div>\n\t\t\t\t<\/div>\n\n\t\t\t\t<div class=\"mt-2\">\n\t\t\t\t\t<header class=\"entry-header pt-2 pb-2\">\n\t\t\t\t\t\t<span class=\"h2\">Sitzung des Stadtentwicklungsausschusses<\/span>\t\t\t\t\t<\/header><!-- .entry-header -->\n\n\t\t\t\t<\/div>\n\t\t\t<\/div>\n\n\t\t\t<div class=\"fst-italic small\">\n\t\t\t\tBezirksversammlung\t\t\t<\/div>\n\n\n\t\t<\/div>\n\n\t\t<div class=\"event-card__icon--green\">\n\t\t\t<img loading=\"lazy\" decoding=\"async\" src=\"https:\/\/gruene-bergedorf.de\/wp-content\/themes\/sunflower26\/assets\/img\/arrow-right.svg\" alt=\"\" width=\"20\" height=\"20\">\n\t\t<\/div>\n\n\t\t<div class=\"event-card__icon--white\">\n\t\t\t<img loading=\"lazy\" decoding=\"async\" src=\"https:\/\/gruene-bergedorf.de\/wp-content\/themes\/sunflower26\/assets\/img\/arrow-right_white.svg\" alt=\"\" width=\"20\" height=\"20\">\n\t\t<\/div>\n\n\t<\/article><!-- #post-2095 -->\n<\/a>\n<\/div><div class=\"col-12 col-md-6 col-lg-4 mb-4\">\n\n<a href=\"https:\/\/gruene-bergedorf.de\/index.php\/termine\/sitzung-des-hauptausschusses-6\/\" class=\"event-card bezirksversammlung\" rel=\"bookmark\">\n\t<article id=\"post-2096\" class=\"event has-shadow post-2096 sunflower_event type-sunflower_event status-publish hentry sunflower_event_tag-bezirksversammlung\">\n\n\t\t\n\t\t<div class=\"p-4\">\n\t\t\t\n\t\t\t<div>\n\t\t\t\t<div class=\"event-archive-meta\">\n\t\t\t\t\t<div class=\"weekday text-uppercase small\">\n\t\t\t\t\t\tDonnerstag\t\t\t\t\t<\/div>\n\t\t\t\t\t<div class=\"date\">\n\t\t\t\t\t\t<time datetime=\"2026-05-07 18:00\">\n\t\t\t\t\t\t\t07.05.2026<br>18:00 \u2013 18:00 Uhr\t\t\t\t\t\t<\/time>\n\t\t\t\t\t<\/div>\n\t\t\t\t<\/div>\n\n\t\t\t\t<div class=\"mt-2\">\n\t\t\t\t\t<header class=\"entry-header pt-2 pb-2\">\n\t\t\t\t\t\t<span class=\"h2\">Sitzung des Hauptausschusses<\/span>\t\t\t\t\t<\/header><!-- .entry-header -->\n\n\t\t\t\t<\/div>\n\t\t\t<\/div>\n\n\t\t\t<div class=\"fst-italic small\">\n\t\t\t\tBezirksversammlung\t\t\t<\/div>\n\n\n\t\t<\/div>\n\n\t\t<div class=\"event-card__icon--green\">\n\t\t\t<img loading=\"lazy\" decoding=\"async\" src=\"https:\/\/gruene-bergedorf.de\/wp-content\/themes\/sunflower26\/assets\/img\/arrow-right.svg\" alt=\"\" width=\"20\" height=\"20\">\n\t\t<\/div>\n\n\t\t<div class=\"event-card__icon--white\">\n\t\t\t<img loading=\"lazy\" decoding=\"async\" src=\"https:\/\/gruene-bergedorf.de\/wp-content\/themes\/sunflower26\/assets\/img\/arrow-right_white.svg\" alt=\"\" width=\"20\" height=\"20\">\n\t\t<\/div>\n\n\t<\/article><!-- #post-2096 -->\n<\/a>\n<\/div><div class=\"col-12 col-md-6 col-lg-4 mb-4\">\n\n<a href=\"https:\/\/gruene-bergedorf.de\/index.php\/termine\/gruene-in-lohbruegge\/\" class=\"event-card partei\" rel=\"bookmark\">\n\t<article id=\"post-2608\" class=\"event has-shadow post-2608 sunflower_event type-sunflower_event status-publish hentry sunflower_event_tag-partei\">\n\n\t\t\n\t\t<div class=\"p-4\">\n\t\t\t\n\t\t\t<div>\n\t\t\t\t<div class=\"event-archive-meta\">\n\t\t\t\t\t<div class=\"weekday text-uppercase small\">\n\t\t\t\t\t\tDienstag\t\t\t\t\t<\/div>\n\t\t\t\t\t<div class=\"date\">\n\t\t\t\t\t\t<time datetime=\"2026-05-12 19:00\">\n\t\t\t\t\t\t\t12.05.2026<br>19:00 \u2013 22:00 Uhr\t\t\t\t\t\t<\/time>\n\t\t\t\t\t<\/div>\n\t\t\t\t<\/div>\n\n\t\t\t\t<div class=\"mt-2\">\n\t\t\t\t\t<header class=\"entry-header pt-2 pb-2\">\n\t\t\t\t\t\t<span class=\"h2\">GR\u00dcNE in Lohbr\u00fcgge<\/span>\t\t\t\t\t<\/header><!-- .entry-header -->\n\n\t\t\t\t<\/div>\n\t\t\t<\/div>\n\n\t\t\t<div class=\"fst-italic small\">\n\t\t\t\tPartei\t\t\t<\/div>\n\n\n\t\t<\/div>\n\n\t\t<div class=\"event-card__icon--green\">\n\t\t\t<img loading=\"lazy\" decoding=\"async\" src=\"https:\/\/gruene-bergedorf.de\/wp-content\/themes\/sunflower26\/assets\/img\/arrow-right.svg\" alt=\"\" width=\"20\" height=\"20\">\n\t\t<\/div>\n\n\t\t<div class=\"event-card__icon--white\">\n\t\t\t<img loading=\"lazy\" decoding=\"async\" src=\"https:\/\/gruene-bergedorf.de\/wp-content\/themes\/sunflower26\/assets\/img\/arrow-right_white.svg\" alt=\"\" width=\"20\" height=\"20\">\n\t\t<\/div>\n\n\t<\/article><!-- #post-2608 -->\n<\/a>\n<\/div><div class=\"col-12 col-md-6 col-lg-4 mb-4\">\n\n<a href=\"https:\/\/gruene-bergedorf.de\/index.php\/termine\/sitzung-des-fachausschusses-fuer-verkehr-und-inneres-6\/\" class=\"event-card bezirksversammlung\" rel=\"bookmark\">\n\t<article id=\"post-2097\" class=\"event has-shadow post-2097 sunflower_event type-sunflower_event status-publish hentry sunflower_event_tag-bezirksversammlung\">\n\n\t\t\n\t\t<div class=\"p-4\">\n\t\t\t\n\t\t\t<div>\n\t\t\t\t<div class=\"event-archive-meta\">\n\t\t\t\t\t<div class=\"weekday text-uppercase small\">\n\t\t\t\t\t\tMontag\t\t\t\t\t<\/div>\n\t\t\t\t\t<div class=\"date\">\n\t\t\t\t\t\t<time datetime=\"2026-05-18 18:00\">\n\t\t\t\t\t\t\t18.05.2026<br>18:00 \u2013 18:00 Uhr\t\t\t\t\t\t<\/time>\n\t\t\t\t\t<\/div>\n\t\t\t\t<\/div>\n\n\t\t\t\t<div class=\"mt-2\">\n\t\t\t\t\t<header class=\"entry-header pt-2 pb-2\">\n\t\t\t\t\t\t<span class=\"h2\">Sitzung des Fachausschusses f\u00fcr Verkehr und Inneres<\/span>\t\t\t\t\t<\/header><!-- .entry-header -->\n\n\t\t\t\t<\/div>\n\t\t\t<\/div>\n\n\t\t\t<div class=\"fst-italic small\">\n\t\t\t\tBezirksversammlung\t\t\t<\/div>\n\n\n\t\t<\/div>\n\n\t\t<div class=\"event-card__icon--green\">\n\t\t\t<img loading=\"lazy\" decoding=\"async\" src=\"https:\/\/gruene-bergedorf.de\/wp-content\/themes\/sunflower26\/assets\/img\/arrow-right.svg\" alt=\"\" width=\"20\" height=\"20\">\n\t\t<\/div>\n\n\t\t<div class=\"event-card__icon--white\">\n\t\t\t<img loading=\"lazy\" decoding=\"async\" src=\"https:\/\/gruene-bergedorf.de\/wp-content\/themes\/sunflower26\/assets\/img\/arrow-right_white.svg\" alt=\"\" width=\"20\" height=\"20\">\n\t\t<\/div>\n\n\t<\/article><!-- #post-2097 -->\n<\/a>\n<\/div><\/div>\n\t\t\t<div class=\"wp-block-button text-center\">\n\t\t\t\t<a class=\"wp-block-button__link\" href=\"https:\/\/gruene-bergedorf.de\/index.php\/termine\/\" rel=\"\">Alle Termine<\/a>\n\t\t\t<\/div>\n\t\t<\/div>\n\t<\/div>","protected":false},"excerpt":{"rendered":"<p>HerzlichWillkommen bei den GR\u00dcNEN Bergedorf. Sch\u00f6n, dass du den Weg zu uns gefunden hast! Wir&#8230;<\/p>\n","protected":false},"author":1,"featured_media":0,"parent":0,"menu_order":0,"comment_status":"closed","ping_status":"closed","template":"","meta":{"footnotes":""},"class_list":["post-7","page","type-page","status-publish","hentry"],"_links":{"self":[{"href":"https:\/\/gruene-bergedorf.de\/index.php\/wp-json\/wp\/v2\/pages\/7","targetHints":{"allow":["GET"]}}],"collection":[{"href":"https:\/\/gruene-bergedorf.de\/index.php\/wp-json\/wp\/v2\/pages"}],"about":[{"href":"https:\/\/gruene-bergedorf.de\/index.php\/wp-json\/wp\/v2\/types\/page"}],"author":[{"embeddable":true,"href":"https:\/\/gruene-bergedorf.de\/index.php\/wp-json\/wp\/v2\/users\/1"}],"replies":[{"embeddable":true,"href":"https:\/\/gruene-bergedorf.de\/index.php\/wp-json\/wp\/v2\/comments?post=7"}],"version-history":[{"count":69,"href":"https:\/\/gruene-bergedorf.de\/index.php\/wp-json\/wp\/v2\/pages\/7\/revisions"}],"predecessor-version":[{"id":2652,"href":"https:\/\/gruene-bergedorf.de\/index.php\/wp-json\/wp\/v2\/pages\/7\/revisions\/2652"}],"wp:attachment":[{"href":"https:\/\/gruene-bergedorf.de\/index.php\/wp-json\/wp\/v2\/media?parent=7"}],"curies":[{"name":"wp","href":"https:\/\/api.w.org\/{rel}","templated":true}]}}